{"id":7550,"date":"2022-07-15T14:39:23","date_gmt":"2022-07-15T12:39:23","guid":{"rendered":"https:\/\/www.oekobit-biogas.com\/ochrona-danych-wnioskodawcow\/"},"modified":"2023-01-16T11:02:26","modified_gmt":"2023-01-16T10:02:26","slug":"ochrona-danych-wnioskodawcow","status":"publish","type":"page","link":"https:\/\/www.oekobit-biogas.com\/pl\/ochrona-danych-wnioskodawcow\/","title":{"rendered":"Ochrona danych wnioskodawc\u00f3w"},"content":{"rendered":"[vc_row type=&#8221;in_container&#8221; full_screen_row_position=&#8221;middle&#8221; column_margin=&#8221;default&#8221; equal_height=&#8221;yes&#8221; content_placement=&#8221;middle&#8221; column_direction=&#8221;default&#8221; column_direction_tablet=&#8221;default&#8221; column_direction_phone=&#8221;default&#8221; scene_position=&#8221;center&#8221; text_color=&#8221;dark&#8221; text_align=&#8221;left&#8221; row_border_radius=&#8221;none&#8221; row_border_radius_applies=&#8221;bg&#8221; overflow=&#8221;visible&#8221; overlay_strength=&#8221;0.3&#8243; gradient_direction=&#8221;left_to_right&#8221; shape_divider_position=&#8221;bottom&#8221; bg_image_animation=&#8221;none&#8221;][vc_column column_padding=&#8221;padding-6-percent&#8221; column_padding_tablet=&#8221;inherit&#8221; column_padding_phone=&#8221;inherit&#8221; column_padding_position=&#8221;all&#8221; column_element_direction_desktop=&#8221;default&#8221; column_element_spacing=&#8221;default&#8221; desktop_text_alignment=&#8221;default&#8221; tablet_text_alignment=&#8221;default&#8221; phone_text_alignment=&#8221;default&#8221; background_color_opacity=&#8221;1&#8243; background_hover_color_opacity=&#8221;1&#8243; column_backdrop_filter=&#8221;none&#8221; column_shadow=&#8221;none&#8221; column_border_radius=&#8221;none&#8221; column_link_target=&#8221;_self&#8221; column_position=&#8221;default&#8221; gradient_direction=&#8221;left_to_right&#8221; overlay_strength=&#8221;0.3&#8243; width=&#8221;1\/1&#8243; tablet_width_inherit=&#8221;default&#8221; animation_type=&#8221;default&#8221; bg_image_animation=&#8221;none&#8221; border_type=&#8221;simple&#8221; column_border_width=&#8221;1px&#8221; column_border_color=&#8221;#e6e7e7&#8243; column_border_style=&#8221;solid&#8221;][vc_column_text]<strong>Ochrona danych osobowych wnioskodawcy i zgoda na przetwarzanie danych<\/strong>.<\/p>\n<p>Dzi\u0119kujemy za odwiedzenie sekcji kariery na naszej stronie internetowej. Cieszymy si\u0119, \u017ce interesuje Ci\u0119 oferta firmy OEKOBIT Group* jako mo\u017cliwego pracodawcy. Ochrona danych osobowych kandydat\u00f3w**, pracownik\u00f3w ** i os\u00f3b trzecich zwi\u0105zanych z nami jest dla nas szczeg\u00f3lnie wa\u017cna. W dalszej cz\u0119\u015bci chcieliby\u015bmy najpierw wyja\u015bni\u0107 Ci w zrozumia\u0142ym j\u0119zyku, w jaki spos\u00f3b wykorzystujemy Twoje dane. W poni\u017cszym<strong> o\u015bwiadczeniu o ochronie prywatno\u015bci <\/strong> znajd\u0105 Pa\u0144stwo przepisy prawne, na kt\u00f3rych opiera si\u0119 przetwarzanie danych.<\/p>\n<p>Niniejsze o\u015bwiadczenie o ochronie danych osobowych zawiera informacje o tym, jak OEKOBIT Group post\u0119puje z danymi osobowymi, kt\u00f3re przekazuj\u0105 nam Pa\u0144stwo w trakcie sk\u0142adania wniosku drog\u0105 mailow\u0105 lub pisemn\u0105, oraz wyja\u015bnia, jak post\u0119pujemy z Pa\u0144stwa danymi osobowymi w trakcie procesu sk\u0142adania wniosku. Przesy\u0142aj\u0105c nam swoje zg\u0142oszenie, ubiegasz si\u0119 o konkretny wakat lub z w\u0142asnej inicjatywy szukasz u nas zatrudnienia. Dane, o kt\u00f3re prosisz, zostan\u0105 wykorzystane przez nas wy\u0142\u0105cznie w celu obsadzenia stanowiska. Wyra\u017casz zgod\u0119 na przechowywanie i przetwarzanie Twoich danych osobowych w tym celu.<\/p>\n<p>Og\u00f3lne o\u015bwiadczenie o ochronie danych osobowych poszczeg\u00f3lnych sp\u00f3\u0142ek grupy OEKOBIT, kt\u00f3re mo\u017cna zobaczy\u0107 na odpowiedniej stronie internetowej, nie zostaje zast\u0105pione przez niniejsze o\u015bwiadczenie o ochronie danych osobowych wnioskodawc\u00f3w. Ponadto nadal istnieje.<\/p>\n<p>OEKOBIT Group stosuje zar\u00f3wno techniczne, jak i organizacyjne \u015brodki bezpiecze\u0144stwa w celu ochrony Pa\u0144stwa danych przed manipulacj\u0105, utrat\u0105, zniszczeniem lub nieuprawnionym dost\u0119pem i dokonuje przegl\u0105du \u015brodk\u00f3w bezpiecze\u0144stwa zgodnie z rozwojem technologicznym.<\/p>\n<p>&nbsp;<\/p>\n<p><strong>O\u015bwiadczenie o ochronie danych osobowych oraz informacja o ochronie danych dla kandydat\u00f3w zgodnie z art. 13 DSGVO<\/strong>.<\/p>\n<ol>\n<li style=\"list-style-type: none;\">\n<ol>.<\/p>\n<li><strong>Odpowiedzialny organ<\/strong><\/li>\n<\/ol>\n<\/li>\n<\/ol>\n<p>.<\/p>\n<p>Za gromadzenie danych i przetwarzanie danych osobowych w ramach post\u0119powania aplikacyjnego w rozumieniu og\u00f3lnego rozporz\u0105dzenia o ochronie danych (DSGVO) odpowiedzialna jest sp\u00f3\u0142ka grupy, do kt\u00f3rej z\u0142o\u017cyli Pa\u0144stwo wniosek.<\/p>\n<p>OEKOBIT GmbH i greentec-service GmbH powo\u0142a\u0142y inspektora ochrony danych. Dane kontaktowe naszych inspektor\u00f3w ochrony danych to:<\/p>\n<p>OEKOBIT GmbH: <a href=\"mailto:datenschutz@oekobit-biogas.com\">datenschutz@oekobit-biogas.com<\/a>.<\/p>\n<p>greentec-service GmbH: <a href=\"mailto:datenschutz@greentec-service.com\">datenschutz@greentec-service.com<\/a>.<\/p>\n<p>&nbsp;<\/p>\n<p>pocztowe:<\/p>\n<p>Prywatno\u015b\u0107<br \/>\nOEKOBIT resp. greentec-service GmbH<br \/>\nEuropa-Allee 57<br \/>\n54343 F\u00f6hren<\/p>\n<p>&nbsp;<\/p>\n<ol start=\"2\">\n<li style=\"list-style-type: none;\">\n<ol start=\"2\">.<\/p>\n<li><strong> Cel przetwarzania danych, kategorie danych i podstawa prawna<\/strong><\/li>\n<\/ol>\n<\/li>\n<\/ol>\n<p>.<\/p>\n<p>Przechowujemy dane osobowe, kt\u00f3re podajesz w ramach procesu aplikacji. Dotyczy to zar\u00f3wno zg\u0142osze\u0144 w odpowiedzi na konkretne og\u0142oszenia, jak i zg\u0142osze\u0144 niezam\u00f3wionych. Mog\u0105 to by\u0107 dane kontaktowe, wszelkie dane zwi\u0105zane z aplikacj\u0105 (CV, certyfikaty, kwalifikacje, odpowiedzi na pytania itp.) oraz ewentualnie dane dotycz\u0105ce danych bankowych (w celu zwrotu koszt\u00f3w podr\u00f3\u017cy). Podstaw\u0105 prawn\u0105 gromadzenia danych jest art. 6 ust. 1 pkt b DSGVO oraz \u00a7 26 ust. 1 BDSG (Federalna Ustawa o Ochronie Danych Osobowych)- nowo\u015b\u0107. Je\u015bli udzieli\u0142e\u015b nam zgody na przechowywanie Twoich danych osobowych poza procedur\u0105 aplikacyjn\u0105 przez okre\u015blony czas lub na wykorzystanie danych w ramach grupy przedsi\u0119biorstw do podobnych procedur kadrowych, podstaw\u0105 prawn\u0105 jest art. 6 ust. 1 lit. a) DSGVO. Ponadto mo\u017cemy przetwarza\u0107 Pa\u0144stwa dane osobowe, o ile jest to niezb\u0119dne do obrony dochodzonych wobec nas roszcze\u0144 prawnych wynikaj\u0105cych z procedury sk\u0142adania wniosk\u00f3w. Podstaw\u0105 prawn\u0105 jest art. 6 ust. 1 lit. f DSGVO, przy czym uzasadniony interes w tym przypadku to np. obowi\u0105zek dostarczenia dowod\u00f3w w post\u0119powaniu na podstawie og\u00f3lnej ustawy o r\u00f3wnym traktowaniu (AGG).<\/p>\n<ol start=\"3\">\n<li style=\"list-style-type: none;\">\n<ol start=\"3\">.<\/p>\n<li><strong>Przekazywanie danych, przekazywanie danych do pa\u0144stw trzecich<\/strong><\/li>\n<\/ol>\n<\/li>\n<\/ol>\n<p>.<\/p>\n<p>W ramach podmiotu odpowiedzialnego Twoje dane otrzymuj\u0105 tylko te dzia\u0142y, kt\u00f3rym powierzono przygotowanie i realizacj\u0119 procesu sk\u0142adania wniosk\u00f3w. S\u0105 to pracownicy dzia\u0142u personalnego, a tak\u017ce dzia\u0142\u00f3w, w kt\u00f3rych ma by\u0107 obsadzone stanowisko, kierownicy i potencjalni prze\u0142o\u017ceni.<\/p>\n<p>Ponadto w przypadku aplikacji do innego przedsi\u0119biorstwa grupy OEKOBIT* Pa\u0144stwa dane zostan\u0105 przekazane do OEKOBIT GmbH, kt\u00f3ra pe\u0142ni funkcj\u0119 centralnego dzia\u0142u personalnego dla wszystkich przedsi\u0119biorstw. Z ka\u017cd\u0105 ze sp\u00f3\u0142ek w grupie zawar\u0142a umow\u0119 o przetwarzanie zam\u00f3wie\u0144 zgodnie z art. 28 DSGVO.<\/p>\n<p>W celu technicznego wdro\u017cenia i wsparcia naszej infrastruktury wspierani jeste\u015bmy przez dostawc\u00f3w us\u0142ug IT zwi\u0105zanych instrukcjami, z kt\u00f3rymi zawarte zosta\u0142y umowy o zlecone przetwarzanie (por. art. 28 DSGVO). Nie mo\u017cna wykluczy\u0107, \u017ce pracownicy naszych dostawc\u00f3w us\u0142ug IT mog\u0105 uzyska\u0107 dost\u0119p do danych osobowych. Przekazanie do kraj\u00f3w trzecich nie ma miejsca.<\/p>\n<p>Nasze oferty pracy publikujemy r\u00f3wnie\u017c na platformie Facebook Jobs. Jest to platforma <strong>Facebook Ireland Ltd, <\/strong>4 Grand Canal Square, Dublin 2, Irlandia. Facebook okre\u015bli\u0142 swoj\u0105 podstaw\u0119 prawn\u0105 i cele przetwarzania na stronie <a href=\"https:\/\/www.facebook.com\/about\/privacy\/legal_bases\">https:\/\/www.facebook.com\/about\/privacy\/legal_bases<\/a> oraz na stronie <a href=\"https:\/\/de-de.facebook.com\/policy.php\">https:\/\/de-de.facebook.com\/policy.php<\/a>. Facebook Inc, ameryka\u0144ska sp\u00f3\u0142ka macierzysta Facebook Ireland Ltd, posiada certyfikat Tarczy Prywatno\u015bci UE-USA, co stanowi zobowi\u0105zanie do przestrzegania europejskich wytycznych dotycz\u0105cych ochrony danych. Wi\u0119cej informacji na temat statusu Tarczy Prywatno\u015bci Facebooka mo\u017cna znale\u017a\u0107 tutaj: <a href=\"https:\/\/www.facebook.com\/about\/privacyshield\">https:\/\/www.facebook.com\/about\/privacyshield<\/a> Facebook Jobs oferuje mo\u017cliwo\u015b\u0107 ubiegania si\u0119 o prac\u0119 za po\u015brednictwem profilu na Facebooku lub Facebook Messenger. Nie jest to jednak jedyny spos\u00f3b, aby aplikowa\u0107 tam na nasze og\u0142oszenia o prac\u0119. W naszych og\u0142oszeniach zawsze znajduje si\u0119 odno\u015bnik do adresu mailowego kariery firmy z grupy, kt\u00f3ra reklamuje dane stanowisko. Ze wzgl\u0119du na ochron\u0119 danych osobowych zalecamy sk\u0142adanie wniosk\u00f3w wy\u0142\u0105cznie drog\u0105 mailow\u0105 lub pisemn\u0105, a nie za po\u015brednictwem profilu na Facebooku lub komunikatora Facebook. O ile sk\u0142adasz wniosek za po\u015brednictwem swojego profilu na Facebooku lub komunikatora Facebook, zwracamy uwag\u0119, \u017ce przekazywanie i dalsze przetwarzanie Twoich danych do kraj\u00f3w trzecich (np. USA) oraz zwi\u0105zane z tym ryzyko nie mo\u017ce by\u0107 przez nas wykluczone ani obj\u0119te wp\u0142ywem.<\/p>\n<p>.<\/p>\n<ol start=\"4\">\n<li style=\"list-style-type: none;\">\n<ol start=\"4\">.<\/p>\n<li><strong>Przechowywanie danych<\/strong><\/li>\n<\/ol>\n<\/li>\n<\/ol>\n<p>.<\/p>\n<p>Pa\u0144stwa dane osobowe b\u0119d\u0105 pocz\u0105tkowo przechowywane przez czas trwania procedury aplikacyjnej, a po jej zako\u0144czeniu przez maksymalnie 6 miesi\u0119cy, a nast\u0119pnie zostan\u0105 usuni\u0119te.<\/p>\n<p>Je\u017celi Pa\u0144stwa dane osobowe b\u0119d\u0105 potrzebne w szerszym zakresie (np. w zwi\u0105zku z dochodzeniem lub obron\u0105 roszcze\u0144 cywilnoprawnych w zwi\u0105zku z Pa\u0144stwa zg\u0142oszeniem), zostan\u0105 one usuni\u0119te, gdy tylko dalsze przechowywanie danych nie b\u0119dzie ju\u017c konieczne do tych cel\u00f3w.<\/p>\n<p>W pojedynczych przypadkach prawne zobowi\u0105zania do przechowywania danych, np. z niemieckiego kodeksu podatkowego (6 lat) lub niemieckiego kodeksu handlowego (10 lat), mog\u0105 wymaga\u0107 d\u0142u\u017cszego przechowywania poszczeg\u00f3lnych danych (np. raporty wydatk\u00f3w na podr\u00f3\u017ce). Okres przechowywania zale\u017cy w\u00f3wczas od ustawowych obowi\u0105zk\u00f3w w zakresie przechowywania danych.<\/p>\n<p>Je\u015bli udzieli\u0142e\u015b nam zgody na przechowywanie Twoich danych osobowych poza procesem aplikacji przez okre\u015blony czas (np. w celu w\u0142\u0105czenia do puli kandydat\u00f3w), obowi\u0105zuje ten okres przechowywania.<\/p>\n<ol start=\"5\">\n<li style=\"list-style-type: none;\">\n<ol start=\"5\">.<\/p>\n<li><strong>Prawa podmiotu danych jako wnioskodawcy<\/strong><\/li>\n<\/ol>\n<\/li>\n<\/ol>\n<p>.<\/p>\n<p>Ka\u017cda osoba, kt\u00f3rej dane dotycz\u0105, ma prawo do informacji zgodnie z art. 15 DS-GVO, prawo do korekty zgodnie z art. 16 DS-GVO, prawo do usuni\u0119cia zgodnie z art. 17 DS-GVO, prawo do ograniczenia przetwarzania zgodnie z art. 18 DS-GVO oraz prawo do przenoszenia danych z art. 20 DS-GVO.W odniesieniu do prawa do informacji i prawa do usuni\u0119cia danych obowi\u0105zuj\u0105 ograniczenia zgodnie z \u00a7\u00a7 34 i 35 BDSG. Ponadto istnieje prawo do odwo\u0142ania si\u0119 do organu nadzorczego ds. ochrony danych (art. 77 DS-GVO w po\u0142\u0105czeniu z \u00a7 19 BDSG).<\/p>\n<ol start=\"6\">\n<li style=\"list-style-type: none;\">\n<ol start=\"6\">.<\/p>\n<li><strong>Informacja o przys\u0142uguj\u0105cym Pa\u0144stwu prawie do sprzeciwu zgodnie z art. 21 og\u00f3lnego rozporz\u0105dzenia o ochronie danych (DSGVO)<\/strong><\/li>\n<\/ol>\n<\/li>\n<\/ol>\n<p>.<\/p>\n<p>Maj\u0105 Pa\u0144stwo prawo w dowolnym momencie wnie\u015b\u0107 sprzeciw, z przyczyn zwi\u0105zanych z Pa\u0144stwa szczeg\u00f3ln\u0105 sytuacj\u0105, wobec przetwarzania dotycz\u0105cych Pa\u0144stwa danych osobowych, kt\u00f3re odbywa si\u0119 na podstawie art. 6 ust. 1 lit. f DS-GVO (przetwarzanie danych na podstawie r\u00f3wnowagi interes\u00f3w). W tym przypadku procedura sk\u0142adania wniosk\u00f3w ko\u0144czy si\u0119 wraz z otrzymaniem sprzeciwu.<\/p>\n<p>&nbsp;<\/p>\n<p><strong>*<\/strong> Termin &#8222;Grupa OEKOBIT&#8221; obejmuje wszystkie sp\u00f3\u0142ki ca\u0142ej grupy przedsi\u0119biorstw. S\u0105 to obecnie OEKOBIT GmbH, greentec-service GmbH, gt energie service GmbH, \u00d6KOConsult Umwelttechnik GmbH i ConZept-Containermanufaktur GmbH. Ta deklaracja ma uniwersaln\u0105 wa\u017cno\u015b\u0107 dla wszystkich firm. Poni\u017cej znajdziesz nazwy i adresy odpowiednich podmiot\u00f3w odpowiedzialnych za ochron\u0119 danych:<\/p>\n<p><strong>OEKOBIT GmbH<br \/>\n<\/strong>Europa-Allee 57<br \/>\n54343 F\u00f6hren<br \/>\nTelefon: +49 6502 93859-0<br \/>\nFaks: +49 6502 93859-29<br \/>\nE-mail: <a href=\"mailto:info@oekobit-biogas.com\">info@oekobit-biogas.com<\/a>.<br \/>\nImprint: <a href=\"https:\/\/www.oekobit-biogas.com\/impressum\/\">https:\/\/www.oekobit-biogas.com\/impressum\/<\/a>.<\/p>\n<p><strong>greentec-service GmbH<br \/>\n<\/strong>Europa-Allee 57<br \/>\n54343 F\u00f6hren<br \/>\nTelefon: +49 6502 93859-60<br \/>\nFax: +49 6502 93859-68<br \/>\nE-mail: <a href=\"mailto:mail@greentec-service.com\">mail@greentec-service.com<\/a>.<br \/>\nImprint: <a href=\"https:\/\/www.greentec-service.com\/impressum\/\">https:\/\/www.greentec-service.com\/impressum\/<\/a>.<\/p>\n<p><strong>gt energie service GmbH<br \/>\n<\/strong>Europa-Allee 57<br \/>\n54343 F\u00f6hren<br \/>\nTelefon: +49 6502 93859-790<br \/>\nFaks: +49 6502 93859-789.<br \/>\nE-mail: <a href=\"mailto:mail@gt-es.com\">mail@gt-es.com<\/a>.<br \/>\nImprint: <a href=\"https:\/\/www.gt-es.de\/impressum\/\">https:\/\/www.gt-es.de\/impressum\/<\/a>.<\/p>\n<p>.<\/p>\n<p><strong>\u00d6KOConsult GmbH<br \/>\n<\/strong>Europa-Allee 57<br \/>\n54343 F\u00f6hren<br \/>\nTelefon: +49 6502 93859-40<br \/>\nFax: +49 6502 93859-46<br \/>\nE-mail: <a href=\"mailto:mail@oekoconsult.de\">mail@oekoconsult.de<\/a>.<br \/>\nImprint: <a href=\"http:\/\/www.oekoconsult.de\/impressum.html\">http:\/\/www.oekoconsult.de\/impressum.html<\/a>.<\/p>\n<p><strong>conZept Container-Manufaktur GmbH<br \/>\n<\/strong>Europa-Allee 57<br \/>\n54343 F\u00f6hren<br \/>\nTelefon: +49 6502 93859-780<br \/>\nFax: +49 6502 93859-781<br \/>\nE-mail: <a href=\"mailto:info@container-manufaktur.de\">info@container-manufaktur.de<\/a>.<br \/>\nImprint: <a href=\"http:\/\/www.container-manufaktur.de\/impressum.html\">http:\/\/www.container-manufaktur.de\/impressum.html<\/a>.<\/p>\n<p><strong>**<\/strong> Ze wzgl\u0119du na lepsz\u0105 czytelno\u015b\u0107 zrezygnowano z r\u00f3\u017cnicowania p\u0142ci w sformu\u0142owaniach. Wszystkie opisy i sformu\u0142owania s\u0105 uwa\u017cane za neutralne p\u0142ciowo i w zasadzie dotycz\u0105 wszystkich p\u0142ci.[\/vc_column_text][\/vc_column][\/vc_row]\n","protected":false},"excerpt":{"rendered":"<p>[vc_row type=&#8221;in_container&#8221; full_screen_row_position=&#8221;middle&#8221; column_margin=&#8221;default&#8221; equal_height=&#8221;yes&#8221; content_placement=&#8221;middle&#8221; column_direction=&#8221;default&#8221; column_direction_tablet=&#8221;default&#8221; column_direction_phone=&#8221;default&#8221; scene_position=&#8221;center&#8221; text_color=&#8221;dark&#8221; text_align=&#8221;left&#8221; row_border_radius=&#8221;none&#8221; row_border_radius_applies=&#8221;bg&#8221; overflow=&#8221;visible&#8221; overlay_strength=&#8221;0.3&#8243; gradient_direction=&#8221;left_to_right&#8221; shape_divider_position=&#8221;bottom&#8221; bg_image_animation=&#8221;none&#8221;][vc_column column_padding=&#8221;padding-6-percent&#8221;&#8230;<\/p>\n","protected":false},"author":1,"featured_media":0,"parent":0,"menu_order":0,"comment_status":"closed","ping_status":"closed","template":"","meta":{"footnotes":""},"class_list":["post-7550","page","type-page","status-publish"],"_links":{"self":[{"href":"https:\/\/www.oekobit-biogas.com\/pl\/wp-json\/wp\/v2\/pages\/7550","targetHints":{"allow":["GET"]}}],"collection":[{"href":"https:\/\/www.oekobit-biogas.com\/pl\/wp-json\/wp\/v2\/pages"}],"about":[{"href":"https:\/\/www.oekobit-biogas.com\/pl\/wp-json\/wp\/v2\/types\/page"}],"author":[{"embeddable":true,"href":"https:\/\/www.oekobit-biogas.com\/pl\/wp-json\/wp\/v2\/users\/1"}],"replies":[{"embeddable":true,"href":"https:\/\/www.oekobit-biogas.com\/pl\/wp-json\/wp\/v2\/comments?post=7550"}],"version-history":[{"count":4,"href":"https:\/\/www.oekobit-biogas.com\/pl\/wp-json\/wp\/v2\/pages\/7550\/revisions"}],"predecessor-version":[{"id":8658,"href":"https:\/\/www.oekobit-biogas.com\/pl\/wp-json\/wp\/v2\/pages\/7550\/revisions\/8658"}],"wp:attachment":[{"href":"https:\/\/www.oekobit-biogas.com\/pl\/wp-json\/wp\/v2\/media?parent=7550"}],"curies":[{"name":"wp","href":"https:\/\/api.w.org\/{rel}","templated":true}]}}